{"id":260,"date":"2020-02-23T21:56:44","date_gmt":"2020-02-23T20:56:44","guid":{"rendered":"https:\/\/www.neva.app\/politique-de-confidentialite\/"},"modified":"2025-07-04T08:49:11","modified_gmt":"2025-07-04T06:49:11","slug":"politique-de-confidentialite","status":"publish","type":"page","link":"https:\/\/www.neva.app\/fr\/politique-de-confidentialite\/","title":{"rendered":"Politique de confidentialit\u00e9"},"content":{"rendered":"\t\t\t\t<div class=\"component component-gutenberg-heading prose prose-lg max-w-full\">\n\t\t\t\t\t<div class=\"container\">\n\t\t\t\t\t\t\t<div class=\"max-w-prose mx-auto\">\n\t\t\n<h1 class=\"wp-block-heading\">Protection des donn\u00e9es personnelles<\/h1>\n\t<\/div>\n\t\t\t\t\t<\/div>\n\t\t\t<\/div>\n\n\n\t\t\t\t<div class=\"component component-gutenberg-heading prose prose-lg max-w-full\">\n\t\t\t\t\t<div class=\"container\">\n\t\t\t\t\t\t\t<div class=\"max-w-prose mx-auto\">\n\t\t\n<h2 class=\"wp-block-heading\" id=\"1-uvod-bbb46bc0-9ea1-4472-9842-feb6f04ad1c2\">1. Introduction<\/h2>\n\t<\/div>\n\t\t\t\t\t<\/div>\n\t\t\t<\/div>\n\n\n\t\t\t\t<div class=\"component component-gutenberg-paragraph prose prose-lg max-w-full\">\n\t\t\t\t\t<div class=\"container\">\n\t\t\t\t\t\t\t<div class=\"max-w-prose mx-auto\">\n\t\t\n<p><strong>Le pr\u00e9sent document (ci-apr\u00e8s d\u00e9nomm\u00e9 \u00ab R\u00e8gles \u00bb) est fourni aux clients, fournisseurs et partenaires commerciaux (ci-apr\u00e8s d\u00e9nomm\u00e9s \u00ab Personne concern\u00e9e \u00bb) de \u017dALUZIE NEVA s.r.o.,<\/strong> dont le si\u00e8ge social est situ\u00e9 \u00e0&nbsp;H\u00e1j 370, 798 12 Kralice na Han\u00e9, ID 26301270, enregistr\u00e9 aupr\u00e8s du tribunal du registre de Brno, num\u00e9ro de dossier C&nbsp;42544 (ci-apr\u00e8s d\u00e9nomm\u00e9 \u00ab Responsable du traitement \u00bb), des <strong>informations sur la mani\u00e8re dont leurs donn\u00e9es \u00e0&nbsp;caract\u00e8re personnel sont trait\u00e9es et sur les droits y&nbsp;aff\u00e9rents, conform\u00e9ment \u00e0&nbsp;l \u00ab <\/strong> article 12 du r\u00e8glement (UE) 2016\/679 du Parlement europ\u00e9en et du Conseil du 27 avril 2016 relatif \u00e0&nbsp;la protection des personnes physiques \u00e0&nbsp;l \u00bb \u00e9gard du traitement des donn\u00e9es \u00e0&nbsp;caract\u00e8re personnel et \u00e0&nbsp;la libre circulation de ces donn\u00e9es, et abrogeant la directive 95\/46\/CE (ci-apr\u00e8s d\u00e9nomm\u00e9 \u00ab&nbsp;RGPD&nbsp;\u00bb).<\/p>\n\t<\/div>\n\t\t\t\t\t<\/div>\n\t\t\t<\/div>\n\n\n\t\t\t\t<div class=\"component component-gutenberg-paragraph prose prose-lg max-w-full\">\n\t\t\t\t\t<div class=\"container\">\n\t\t\t\t\t\t\t<div class=\"max-w-prose mx-auto\">\n\t\t\n<p>On entend par donn\u00e9es \u00e0&nbsp;caract\u00e8re personnel toute information concernant une personne physique identifi\u00e9e ou identifiable ; une personne physique identifiable est une personne physique qui peut \u00eatre identifi\u00e9e, directement ou indirectement, notamment par r\u00e9f\u00e9rence \u00e0&nbsp;un identifiant, tel qu\u2019un nom, un num\u00e9ro d\u2019identification, des donn\u00e9es de localisation, un identifiant de r\u00e9seau, etc. de cette personne physique.&nbsp;<\/p>\n\t<\/div>\n\t\t\t\t\t<\/div>\n\t\t\t<\/div>\n\n\n\t\t\t\t<div class=\"component component-gutenberg-paragraph prose prose-lg max-w-full\">\n\t\t\t\t\t<div class=\"container\">\n\t\t\t\t\t\t\t<div class=\"max-w-prose mx-auto\">\n\t\t\n<p>Le responsable du traitement n\u2019a pas d\u00e9sign\u00e9 de d\u00e9l\u00e9gu\u00e9 \u00e0&nbsp;la protection des donn\u00e9es.<\/p>\n\t<\/div>\n\t\t\t\t\t<\/div>\n\t\t\t<\/div>\n\n\n\t\t\t\t<div class=\"component component-gutenberg-heading prose prose-lg max-w-full\">\n\t\t\t\t\t<div class=\"container\">\n\t\t\t\t\t\t\t<div class=\"max-w-prose mx-auto\">\n\t\t\n<h2 class=\"wp-block-heading\" id=\"2-spravce-osobnich-udaju-7ede9ec1-992b-421d-8d80-ef3de56315dd\">2. Le responsable du traitement des donn\u00e9es \u00e0&nbsp;caract\u00e8re personnel<\/h2>\n\t<\/div>\n\t\t\t\t\t<\/div>\n\t\t\t<\/div>\n\n\n\t\t\t\t<div class=\"component component-gutenberg-paragraph prose prose-lg max-w-full\">\n\t\t\t\t\t<div class=\"container\">\n\t\t\t\t\t\t\t<div class=\"max-w-prose mx-auto\">\n\t\t\n<p>Le responsable du traitement est autoris\u00e9 \u00e0&nbsp;transf\u00e9rer des donn\u00e9es personnelles aux entit\u00e9s avec lesquelles il a&nbsp;conclu un contrat de traitement des donn\u00e9es personnelles et qui traiteront les donn\u00e9es personnelles pour le responsable du traitement en tant que sous-traitants. Sur la base de ce qui pr\u00e9c\u00e8de, le responsable du traitement est autoris\u00e9 \u00e0&nbsp;transf\u00e9rer les donn\u00e9es personnelles de la personne concern\u00e9e aux entit\u00e9s ou cat\u00e9gories d\u2019entit\u00e9s suivantes&nbsp;:&nbsp;<\/p>\n\t<\/div>\n\t\t\t\t\t<\/div>\n\t\t\t<\/div>\n\n\n\t\t\t\t<div class=\"component component-gutenberg-list prose prose-lg max-w-full\">\n\t\t\t\t\t<div class=\"container\">\n\t\t\t\t\t\t\t<div class=\"max-w-prose mx-auto\">\n\t\t\n<ul class=\"wp-block-list\">\n<li>les entreprises ou personnes assurant le transport de marchandises,<\/li>\n\n\n\n<li>les groupes d\u2019assembl\u00e9es,<\/li>\n\n\n\n<li>aux personnes qui utilisent le logiciel et stockent des donn\u00e9es (cr\u00e9ation de commandes).<\/li>\n<\/ul>\n\t<\/div>\n\t\t\t\t\t<\/div>\n\t\t\t<\/div>\n\n\n\t\t\t\t<div class=\"component component-gutenberg-paragraph prose prose-lg max-w-full\">\n\t\t\t\t\t<div class=\"container\">\n\t\t\t\t\t\t\t<div class=\"max-w-prose mx-auto\">\n\t\t\n<p>Les donn\u00e9es \u00e0&nbsp;caract\u00e8re personnel de la personne concern\u00e9e peuvent \u00eatre transf\u00e9r\u00e9es aux destinataires\/\u200bcat\u00e9gories de destinataires suivants&nbsp;:<\/p>\n\t<\/div>\n\t\t\t\t\t<\/div>\n\t\t\t<\/div>\n\n\n\t\t\t\t<div class=\"component component-gutenberg-list prose prose-lg max-w-full\">\n\t\t\t\t\t<div class=\"container\">\n\t\t\t\t\t\t\t<div class=\"max-w-prose mx-auto\">\n\t\t\n<ul class=\"wp-block-list\">\n<li>les fournisseurs de l\u2019administrateur,<\/li>\n\n\n\n<li>les employ\u00e9s de l\u2019administrateur,<\/li>\n\n\n\n<li>les personnes ayant une autre relation contractuelle avec le contr\u00f4leur (par exemple, les fournisseurs de services de marketing et de publicit\u00e9),<\/li>\n\n\n\n<li>les institutions financi\u00e8res et les compagnies d\u2019assurance,<\/li>\n\n\n\n<li>les autorit\u00e9s de l\u2019\u00c9tat dans le cadre de l\u2019ex\u00e9cution des obligations l\u00e9gales du contr\u00f4leur \u00e9nonc\u00e9es dans la l\u00e9gislation pertinente.<\/li>\n<\/ul>\n\t<\/div>\n\t\t\t\t\t<\/div>\n\t\t\t<\/div>\n\n\n\t\t\t\t<div class=\"component component-gutenberg-heading prose prose-lg max-w-full\">\n\t\t\t\t\t<div class=\"container\">\n\t\t\t\t\t\t\t<div class=\"max-w-prose mx-auto\">\n\t\t\n<h2 class=\"wp-block-heading\" id=\"3-kategorie-zpracovanych-osobnich-udaju-fb88c0b1-0090-4a65-a09c-1a3b96af9158\">3. Les cat\u00e9gories de donn\u00e9es \u00e0&nbsp;caract\u00e8re personnel trait\u00e9es<\/h2>\n\t<\/div>\n\t\t\t\t\t<\/div>\n\t\t\t<\/div>\n\n\n\t\t\t\t<div class=\"component component-gutenberg-paragraph prose prose-lg max-w-full\">\n\t\t\t\t\t<div class=\"container\">\n\t\t\t\t\t\t\t<div class=\"max-w-prose mx-auto\">\n\t\t\n<p>Le contr\u00f4leur est autoris\u00e9 \u00e0&nbsp;traiter en particulier les donn\u00e9es personnelles suivantes de la personne concern\u00e9e&nbsp;:<\/p>\n\t<\/div>\n\t\t\t\t\t<\/div>\n\t\t\t<\/div>\n\n\n\t\t\t\t<div class=\"component component-gutenberg-list prose prose-lg max-w-full\">\n\t\t\t\t\t<div class=\"container\">\n\t\t\t\t\t\t\t<div class=\"max-w-prose mx-auto\">\n\t\t\n<ul class=\"wp-block-list\">\n<li>l\u2019adresse et les donn\u00e9es d\u2019identification utilis\u00e9es pour identifier la personne concern\u00e9e de mani\u00e8re unique et indubitable (par exemple, le nom, le pr\u00e9nom, le titre, l\u2019adresse permanente, l\u2019adresse professionnelle, l\u2019adresse de livraison, le num\u00e9ro d\u2019identification, le num\u00e9ro de TVA) et les coordonn\u00e9es de la personne concern\u00e9e (par exemple, l\u2019adresse de contact, le num\u00e9ro de t\u00e9l\u00e9phone, l\u2019adresse de courrier \u00e9lectronique, etc,),<\/li>\n\n\n\n<li>les donn\u00e9es descriptives (par exemple, les coordonn\u00e9es bancaires, l\u2019historique des commandes),<\/li>\n\n\n\n<li>photos, vignettes, banni\u00e8res et vid\u00e9os,<\/li>\n\n\n\n<li>les donn\u00e9es fournies au-del\u00e0 des lois applicables et trait\u00e9es dans le cadre du consentement donn\u00e9 par la personne concern\u00e9e (par exemple, utilisation de donn\u00e9es personnelles \u00e0&nbsp;des fins de gestion du personnel, utilisation de donn\u00e9es personnelles \u00e0&nbsp;des fins de promotion, etc,),<\/li>\n\n\n\n<li>les param\u00e8tres personnels (pr\u00e9f\u00e9rences), y&nbsp;compris les param\u00e8tres de marketing et l\u2019utilisation de cookies par la personne concern\u00e9e,<\/li>\n\n\n\n<li>les autres donn\u00e9es n\u00e9cessaires \u00e0&nbsp;l\u2019ex\u00e9cution du contrat,<\/li>\n\n\n\n<li>d\u2019autres donn\u00e9es personnelles fournies par la personne concern\u00e9e au contr\u00f4leur.<\/li>\n<\/ul>\n\t<\/div>\n\t\t\t\t\t<\/div>\n\t\t\t<\/div>\n\n\n\t\t\t\t<div class=\"component component-gutenberg-heading prose prose-lg max-w-full\">\n\t\t\t\t\t<div class=\"container\">\n\t\t\t\t\t\t\t<div class=\"max-w-prose mx-auto\">\n\t\t\n<h2 class=\"wp-block-heading\" id=\"4-ucely-zpracovani-osobnich-udaju-aeb6b9a9-398a-4550-bb82-4709cf71398b\">4. Les finalit\u00e9s du traitement des donn\u00e9es \u00e0&nbsp;caract\u00e8re personnel<\/h2>\n\t<\/div>\n\t\t\t\t\t<\/div>\n\t\t\t<\/div>\n\n\n\t\t\t\t<div class=\"component component-gutenberg-paragraph prose prose-lg max-w-full\">\n\t\t\t\t\t<div class=\"container\">\n\t\t\t\t\t\t\t<div class=\"max-w-prose mx-auto\">\n\t\t\n<p>Le contr\u00f4leur traite les donn\u00e9es \u00e0&nbsp;caract\u00e8re personnel de la personne concern\u00e9e aux fins&nbsp;de&nbsp;:<\/p>\n\t<\/div>\n\t\t\t\t\t<\/div>\n\t\t\t<\/div>\n\n\n\t\t\t\t<div class=\"component component-gutenberg-list prose prose-lg max-w-full\">\n\t\t\t\t\t<div class=\"container\">\n\t\t\t\t\t\t\t<div class=\"max-w-prose mx-auto\">\n\t\t\n<ul class=\"wp-block-list\">\n<li>A) l\u2019ex\u00e9cution du contrat, sur la base de l\u2019article 6, paragraphe 1, point b), du&nbsp;RGPD,&nbsp;<\/li>\n\n\n\n<li>B) le respect d\u2019une obligation l\u00e9gale du responsable du traitement \u00e9tablie par une r\u00e9glementation juridique g\u00e9n\u00e9ralement contraignante, sur la base de l\u2019article 6, paragraphe 1, point c), du RGPD (par exemple, l\u2019obligation du responsable du traitement de conserver des documents comptables et fiscaux),&nbsp;<\/li>\n\n\n\n<li>C) la constatation, l\u2019exercice ou la d\u00e9fense de droits l\u00e9gaux du responsable du traitement, sur la base de l\u2019article 6, paragraphe 1, point f), du&nbsp;RGPD,&nbsp;<\/li>\n\n\n\n<li>D) l\u2019envoi de communications commerciales sur la base de l\u2019article 6, paragraphe 1, point f), du RGPD, en raison de l\u2019existence d\u2019un int\u00e9r\u00eat l\u00e9gitime du responsable du traitement en mati\u00e8re de marketing direct,&nbsp;<\/li>\n\n\n\n<li>E) d\u2019autres objectifs de marketing du contr\u00f4leur li\u00e9s \u00e0&nbsp;l\u2019offre de produits et de services ; l\u2019envoi d\u2019informations sur les nouveaut\u00e9s (produits, technologies, salles d\u2019exposition), les pr\u00e9sentations de l\u2019entreprise (foires commerciales, expositions), les services, etc. (par exemple, par l\u2019envoi de bulletins d\u2019information, le t\u00e9l\u00e9marketing) ; la prise de contact pour des \u00e9tudes de march\u00e9 et des enqu\u00eates de marketing ; la prise de contact pour souhaiter des jours f\u00e9ri\u00e9s importants et l\u2019envoi de ch\u00e8ques-cadeaux, etc. sur la base de l\u2019article 6, paragraphe 1, point a), du r\u00e8glement RGPD.<\/li>\n<\/ul>\n\t<\/div>\n\t\t\t\t\t<\/div>\n\t\t\t<\/div>\n\n\n\t\t\t\t<div class=\"component component-gutenberg-heading prose prose-lg max-w-full\">\n\t\t\t\t\t<div class=\"container\">\n\t\t\t\t\t\t\t<div class=\"max-w-prose mx-auto\">\n\t\t\n<h2 class=\"wp-block-heading\" id=\"5-doba-zpracovani-osobnich-udaju-6d2f2b8d-320d-4223-9f4c-d33b8bb55f7e\">5. Dur\u00e9e du traitement des donn\u00e9es \u00e0&nbsp;caract\u00e8re personnel<\/h2>\n\t<\/div>\n\t\t\t\t\t<\/div>\n\t\t\t<\/div>\n\n\n\t\t\t\t<div class=\"component component-gutenberg-paragraph prose prose-lg max-w-full\">\n\t\t\t\t\t<div class=\"container\">\n\t\t\t\t\t\t\t<div class=\"max-w-prose mx-auto\">\n\t\t\n<p>Les donn\u00e9es \u00e0&nbsp;caract\u00e8re personnel ne seront trait\u00e9es que pendant la dur\u00e9e n\u00e9cessaire \u00e0&nbsp;la r\u00e9alisation de l\u2019objectif du traitement. Compte tenu de ce qui pr\u00e9c\u00e8de&nbsp;:&nbsp;<\/p>\n\t<\/div>\n\t\t\t\t\t<\/div>\n\t\t\t<\/div>\n\n\n\t\t\t\t<div class=\"component component-gutenberg-list prose prose-lg max-w-full\">\n\t\t\t\t\t<div class=\"container\">\n\t\t\t\t\t\t\t<div class=\"max-w-prose mx-auto\">\n\t\t\n<ul class=\"wp-block-list\">\n<li>aux fins vis\u00e9es au point A) ci-dessus, les donn\u00e9es \u00e0&nbsp;caract\u00e8re personnel seront trait\u00e9es jusqu\u2019\u00e0 l\u2019expiration des obligations contractuelles (cela n\u2019affecte pas la possibilit\u00e9 pour le responsable du traitement de traiter ult\u00e9rieurement les donn\u00e9es \u00e0&nbsp;caract\u00e8re personnel)\u2009\u2014\u2009dans la mesure o\u00f9 cela est n\u00e9cessaire&nbsp;<\/li>\n\n\n\n<li>aux fins des points B), C), D) et\/\u200bou E) ci-dessus,<\/li>\n\n\n\n<li>aux fins vis\u00e9es au point B) ci-dessus, les donn\u00e9es \u00e0&nbsp;caract\u00e8re personnel seront trait\u00e9es pendant la dur\u00e9e de l\u2019obligation l\u00e9gale pertinente du responsable du traitement,&nbsp;<\/li>\n\n\n\n<li>aux fins du point C) ci-dessus, les donn\u00e9es \u00e0&nbsp;caract\u00e8re personnel seront trait\u00e9es jusqu \u00ab \u00e0&nbsp;la fin de la quatri\u00e8me ann\u00e9e civile suivant la fin de la p\u00e9riode de garantie contractuelle (si une garantie de qualit\u00e9 a&nbsp;\u00e9t\u00e9 convenue dans le contrat), mais au moins jusqu \u00bb \u00e0&nbsp;la fin de la cinqui\u00e8me ann\u00e9e civile. Le traitement des donn\u00e9es \u00e0&nbsp;caract\u00e8re personnel se poursuivra jusqu \u00ab \u00e0&nbsp;la fin de la quatri\u00e8me ann\u00e9e civile suivant la fin des obligations d\u00e9coulant du contrat, en cas d\u2019ouverture et de poursuite d\u2019une proc\u00e9dure judiciaire, administrative ou autre portant sur les droits ou obligations du responsable du traitement \u00e0&nbsp;l \u00bb \u00e9gard de la personne concern\u00e9e, la p\u00e9riode de traitement des donn\u00e9es \u00e0&nbsp;caract\u00e8re personnel aux fins vis\u00e9es au point C) ci-dessus n\u2019expirera pas avant la fin de la proc\u00e9dure en question,<\/li>\n\n\n\n<li>dans le but d\u2019envoyer des communications commerciales conform\u00e9ment au point D) ci-dessus, les donn\u00e9es \u00e0&nbsp;caract\u00e8re personnel seront trait\u00e9es jusqu\u2019\u00e0 ce que la personne concern\u00e9e exprime son opposition \u00e0&nbsp;un tel traitement,&nbsp;<\/li>\n\n\n\n<li>aux fins vis\u00e9es au point E) ci-dessus, les donn\u00e9es \u00e0&nbsp;caract\u00e8re personnel seront trait\u00e9es pendant la p\u00e9riode pour laquelle la personne concern\u00e9e a&nbsp;donn\u00e9 son consentement au responsable du traitement conform\u00e9ment au consentement au traitement des donn\u00e9es \u00e0&nbsp;caract\u00e8re personnel convenu s\u00e9par\u00e9ment. La personne concern\u00e9e reconna\u00eet dans ce cas qu\u2019avant l\u2019expiration de cette p\u00e9riode, le responsable du traitement peut la contacter pour renouveler son consentement.&nbsp;<\/li>\n<\/ul>\n\t<\/div>\n\t\t\t\t\t<\/div>\n\t\t\t<\/div>\n\n\n\t\t\t\t<div class=\"component component-gutenberg-paragraph prose prose-lg max-w-full\">\n\t\t\t\t\t<div class=\"container\">\n\t\t\t\t\t\t\t<div class=\"max-w-prose mx-auto\">\n\t\t\n<p>Au plus tard \u00e0&nbsp;la fin du trimestre civil suivant l\u2019expiration de la p\u00e9riode de traitement susmentionn\u00e9e, les donn\u00e9es \u00e0&nbsp;caract\u00e8re personnel pertinentes pour lesquelles la finalit\u00e9 du traitement a&nbsp;cess\u00e9 sont d\u00e9truites (par d\u00e9chiquetage ou d\u2019une autre mani\u00e8re garantissant que les personnes non autoris\u00e9es ne peuvent pas acc\u00e9der aux donn\u00e9es \u00e0&nbsp;caract\u00e8re personnel) ou rendues anonymes.<\/p>\n\t<\/div>\n\t\t\t\t\t<\/div>\n\t\t\t<\/div>\n\n\n\t\t\t\t<div class=\"component component-gutenberg-heading prose prose-lg max-w-full\">\n\t\t\t\t\t<div class=\"container\">\n\t\t\t\t\t\t\t<div class=\"max-w-prose mx-auto\">\n\t\t\n<h2 class=\"wp-block-heading\" id=\"6-zpusob-zpracovani-osobnich-udaju-fe0196fe-6f58-4bcf-bff4-bb42cb708fbb\">6. M\u00e9thode de traitement des donn\u00e9es \u00e0&nbsp;caract\u00e8re personnel<\/h2>\n\t<\/div>\n\t\t\t\t\t<\/div>\n\t\t\t<\/div>\n\n\n\t\t\t\t<div class=\"component component-gutenberg-paragraph prose prose-lg max-w-full\">\n\t\t\t\t\t<div class=\"container\">\n\t\t\t\t\t\t\t<div class=\"max-w-prose mx-auto\">\n\t\t\n<p>Le traitement des donn\u00e9es personnelles est effectu\u00e9 par le contr\u00f4leur. Le traitement est effectu\u00e9 dans les locaux, les succursales et le si\u00e8ge du contr\u00f4leur par des employ\u00e9s autoris\u00e9s du contr\u00f4leur ou par des sous-traitants. Le traitement est effectu\u00e9 \u00e0&nbsp;l\u2019aide de technologies informatiques, ou manuellement pour les donn\u00e9es personnelles sur papier, dans le respect de tous les principes de s\u00e9curit\u00e9 pour la gestion et le traitement des donn\u00e9es personnelles. \u00c0&nbsp;cette fin, le responsable du traitement a&nbsp;adopt\u00e9 des mesures techniques et organisationnelles pour assurer la protection des donn\u00e9es personnelles, en particulier des mesures visant \u00e0&nbsp;emp\u00eacher l\u2019acc\u00e8s non autoris\u00e9 ou accidentel, l\u2019alt\u00e9ration, la destruction ou la perte de donn\u00e9es personnelles, les transferts non autoris\u00e9s, le traitement non autoris\u00e9 et d\u2019autres utilisations abusives des donn\u00e9es personnelles. Toutes les entit\u00e9s auxquelles des donn\u00e9es \u00e0&nbsp;caract\u00e8re personnel peuvent \u00eatre divulgu\u00e9es doivent respecter le droit \u00e0&nbsp;la vie priv\u00e9e des personnes concern\u00e9es et se conformer aux lois applicables en mati\u00e8re de protection des donn\u00e9es. Aucune prise de d\u00e9cision individuelle automatis\u00e9e ni aucun profilage ne seront effectu\u00e9s sur la base des donn\u00e9es fournies. Les donn\u00e9es \u00e0&nbsp;caract\u00e8re personnel des personnes concern\u00e9es ne seront pas transf\u00e9r\u00e9es \u00e0&nbsp;des pays tiers (c\u2019est-\u00e0-dire des pays situ\u00e9s en dehors de l\u2019UE et de&nbsp;l\u2019EEE).&nbsp;<\/p>\n\t<\/div>\n\t\t\t\t\t<\/div>\n\t\t\t<\/div>\n\n\n\t\t\t\t<div class=\"component component-gutenberg-heading prose prose-lg max-w-full\">\n\t\t\t\t\t<div class=\"container\">\n\t\t\t\t\t\t\t<div class=\"max-w-prose mx-auto\">\n\t\t\n<h2 class=\"wp-block-heading\" id=\"7-prava-a-souvislosti-se-zpracovanim-osobnich-udaju-15852fa0-fde5-415b-9203-8f590afe23ad\">7. Droits et contexte du traitement des donn\u00e9es \u00e0&nbsp;caract\u00e8re personnel<\/h2>\n\t<\/div>\n\t\t\t\t\t<\/div>\n\t\t\t<\/div>\n\n\n\t\t\t\t<div class=\"component component-gutenberg-paragraph prose prose-lg max-w-full\">\n\t\t\t\t\t<div class=\"container\">\n\t\t\t\t\t\t\t<div class=\"max-w-prose mx-auto\">\n\t\t\n<p>En ce qui concerne le traitement de leurs donn\u00e9es personnelles, les personnes concern\u00e9es disposent d\u2019un certain nombre de droits, y&nbsp;compris le droit de demander au responsable du traitement&nbsp;:<\/p>\n\t<\/div>\n\t\t\t\t\t<\/div>\n\t\t\t<\/div>\n\n\n\t\t\t\t<div class=\"component component-gutenberg-list prose prose-lg max-w-full\">\n\t\t\t\t\t<div class=\"container\">\n\t\t\t\t\t\t\t<div class=\"max-w-prose mx-auto\">\n\t\t\n<ul class=\"wp-block-list\">\n<li>l\u2019acc\u00e8s \u00e0&nbsp;vos donn\u00e9es personnelles (en vertu de l\u2019article 15 du&nbsp;RGPD),<\/li>\n\n\n\n<li>la rectification ou l\u2019effacement des donn\u00e9es \u00e0&nbsp;caract\u00e8re personnel (en vertu de l\u2019article 16 ou de l\u2019article 17 du&nbsp;RGPD),<\/li>\n\n\n\n<li>la limitation du traitement des donn\u00e9es \u00e0&nbsp;caract\u00e8re personnel (en vertu de l\u2019article 18 du&nbsp;RGPD),<\/li>\n\n\n\n<li>s\u2019opposer au traitement des donn\u00e9es \u00e0&nbsp;caract\u00e8re personnel (aux termes de l\u2019article 21 du&nbsp;RGPD),<\/li>\n\n\n\n<li>le droit \u00e0&nbsp;la portabilit\u00e9 des donn\u00e9es (aux termes de l\u2019article 20 du&nbsp;RGPD),<\/li>\n\n\n\n<li>le droit de retirer son consentement au traitement des donn\u00e9es \u00e0&nbsp;caract\u00e8re personnel par \u00e9crit ou par voie \u00e9lectronique \u00e0&nbsp;l\u2019adresse ou \u00e0&nbsp;l\u2019e-mail de l\u2019administrateur sp\u00e9cifi\u00e9 dans le pr\u00e9sent r\u00e8glement.<\/li>\n<\/ul>\n\t<\/div>\n\t\t\t\t\t<\/div>\n\t\t\t<\/div>\n\n\n\t\t\t\t<div class=\"component component-gutenberg-paragraph prose prose-lg max-w-full\">\n\t\t\t\t\t<div class=\"container\">\n\t\t\t\t\t\t\t<div class=\"max-w-prose mx-auto\">\n\t\t\n<p>Si la personne concern\u00e9e d\u00e9couvre ou croit que ses donn\u00e9es personnelles sont trait\u00e9es en violation de la protection de sa vie priv\u00e9e et personnelle ou en violation de la loi, elle a&nbsp;le droit de contacter le responsable du traitement pour demander une explication et\/\u200bou demander r\u00e9paration. La demande doit \u00eatre faite par \u00e9crit en envoyant une lettre ou un courriel aux coordonn\u00e9es du contr\u00f4leur des donn\u00e9es : <a href=\"mailto:info@neva.eu\">info@neva.eu.<\/a> <\/p>\n\t<\/div>\n\t\t\t\t\t<\/div>\n\t\t\t<\/div>\n\n\n\t\t\t\t<div class=\"component component-gutenberg-paragraph prose prose-lg max-w-full\">\n\t\t\t\t\t<div class=\"container\">\n\t\t\t\t\t\t\t<div class=\"max-w-prose mx-auto\">\n\t\t\n<p>Si la demande de la personne concern\u00e9e s\u2019av\u00e8re justifi\u00e9e, le responsable du traitement rem\u00e9die rapidement \u00e0&nbsp;la situation d\u00e9fectueuse. Ceci est sans pr\u00e9judice de la possibilit\u00e9 pour la personne concern\u00e9e de contacter directement l\u2019autorit\u00e9 de contr\u00f4le, l\u2019Office pour la protection des donn\u00e9es personnelles, Pplk. Sochora 27, 170 00 Prague 7, R\u00e9publique tch\u00e8que, +420 234 665 555, <a href=\"https:\/\/www.uoou.cz\/\" target=\"_blank\" rel=\"noreferrer noopener\">www.uoou.cz.<\/a>  <\/p>\n\t<\/div>\n\t\t\t\t\t<\/div>\n\t\t\t<\/div>\n\n\n\t\t\t\t<div class=\"component component-gutenberg-heading prose prose-lg max-w-full\">\n\t\t\t\t\t<div class=\"container\">\n\t\t\t\t\t\t\t<div class=\"max-w-prose mx-auto\">\n\t\t\n<h2 class=\"wp-block-heading\" id=\"8-zaver-880c88fa-7733-4006-8c47-46b97a9d1023\">8. Conclusion<\/h2>\n\t<\/div>\n\t\t\t\t\t<\/div>\n\t\t\t<\/div>\n\n\n\t\t\t\t<div class=\"component component-gutenberg-paragraph prose prose-lg max-w-full\">\n\t\t\t\t\t<div class=\"container\">\n\t\t\t\t\t\t\t<div class=\"max-w-prose mx-auto\">\n\t\t\n<p>Ces r\u00e8gles s\u2019appliquent aux personnes concern\u00e9es, sauf accord contraire entre le tiers et le contr\u00f4leur. Le contr\u00f4leur se r\u00e9serve le droit de modifier les pr\u00e9sentes conditions g\u00e9n\u00e9rales relatives \u00e0&nbsp;la protection et au traitement des donn\u00e9es \u00e0&nbsp;caract\u00e8re personnel \u00e0&nbsp;tout moment, et le statut actuel sera toujours affich\u00e9 sur le site web <a href=\"https:\/\/www.neva.eu\/gdpr\/\">www.neva.eu\/gdpr.<\/a> <\/p>\n\t<\/div>\n\t\t\t\t\t<\/div>\n\t\t\t<\/div>\n\n\n\t\t\t\t<div class=\"component component-gutenberg-heading prose prose-lg max-w-full\">\n\t\t\t\t\t<div class=\"container\">\n\t\t\t\t\t\t\t<div class=\"max-w-prose mx-auto\">\n\t\t\n<h2 class=\"wp-block-heading\" id=\"prohlaseni-o-pouzivani-cookies-790bc3d0-26d1-4018-bd85-845d5970034f\">D\u00e9claration sur l\u2019utilisation des cookies<\/h2>\n\t<\/div>\n\t\t\t\t\t<\/div>\n\t\t\t<\/div>\n\n\n\t\t\t\t<div class=\"component component-gutenberg-heading prose prose-lg max-w-full\">\n\t\t\t\t\t<div class=\"container\">\n\t\t\t\t\t\t\t<div class=\"max-w-prose mx-auto\">\n\t\t\n<h3 class=\"wp-block-heading\" id=\"1-co-jsou-cookiesnbsp-73bfad7b-8e63-4cfb-b7f8-2265208951ca\">1) Qu\u2019est-ce qu\u2019un cookie&nbsp;?&nbsp;<\/h3>\n\t<\/div>\n\t\t\t\t\t<\/div>\n\t\t\t<\/div>\n\n\n\t\t\t\t<div class=\"component component-gutenberg-paragraph prose prose-lg max-w-full\">\n\t\t\t\t\t<div class=\"container\">\n\t\t\t\t\t\t\t<div class=\"max-w-prose mx-auto\">\n\t\t\n<p>Les cookies sont de courts fichiers texte cr\u00e9\u00e9s par un serveur web et stock\u00e9s sur votre ordinateur par l\u2019interm\u00e9diaire de votre navigateur. Lorsque vous revenez ult\u00e9rieurement sur le m\u00eame site web, le navigateur renvoie le cookie stock\u00e9 et le serveur r\u00e9cup\u00e8re toutes les informations qu\u2019il a&nbsp;pr\u00e9c\u00e9demment stock\u00e9es pour vous. Les cookies sont utilis\u00e9s par la grande majorit\u00e9 des sites&nbsp;web.&nbsp;<\/p>\n\t<\/div>\n\t\t\t\t\t<\/div>\n\t\t\t<\/div>\n\n\n\t\t\t\t<div class=\"component component-gutenberg-heading prose prose-lg max-w-full\">\n\t\t\t\t\t<div class=\"container\">\n\t\t\t\t\t\t\t<div class=\"max-w-prose mx-auto\">\n\t\t\n<h3 class=\"wp-block-heading\" id=\"2-jak-se-deli-cookies-d5d5a564-15db-4bbc-b905-05c8c3332c66\">2. Comment les cookies sont r\u00e9partis<\/h3>\n\t<\/div>\n\t\t\t\t\t<\/div>\n\t\t\t<\/div>\n\n\n\t\t\t\t<div class=\"component component-gutenberg-paragraph prose prose-lg max-w-full\">\n\t\t\t\t\t<div class=\"container\">\n\t\t\t\t\t\t\t<div class=\"max-w-prose mx-auto\">\n\t\t\n<p>Les cookies peuvent \u00eatre divis\u00e9s en fonction de la personne qui les place sur votre site web, c\u2019est-\u00e0-dire sur&nbsp;:&nbsp;<\/p>\n\t<\/div>\n\t\t\t\t\t<\/div>\n\t\t\t<\/div>\n\n\n\t\t\t\t<div class=\"component component-gutenberg-list prose prose-lg max-w-full\">\n\t\t\t\t\t<div class=\"container\">\n\t\t\t\t\t\t\t<div class=\"max-w-prose mx-auto\">\n\t\t\n<ol class=\"wp-block-list\">\n<li><strong>Cookies de premi\u00e8re partie <\/strong>&#8211; ils sont limit\u00e9s au domaine du site web que vous consultez. Ces cookies sont consid\u00e9r\u00e9s comme plus&nbsp;s\u00fbrs.&nbsp;<\/li>\n\n\n\n<li><strong>Cookies de tiers <\/strong>&#8211; ils sont plac\u00e9s par un script provenant d\u2019un autre domaine. Ils permettent de suivre les utilisateurs d\u2019un domaine \u00e0&nbsp;l\u2019autre. Ils sont souvent utilis\u00e9s pour \u00e9valuer l\u2019efficacit\u00e9 des canaux publicitaires.&nbsp;<\/li>\n<\/ol>\n\t<\/div>\n\t\t\t\t\t<\/div>\n\t\t\t<\/div>\n\n\n\t\t\t\t<div class=\"component component-gutenberg-paragraph prose prose-lg max-w-full\">\n\t\t\t\t\t<div class=\"container\">\n\t\t\t\t\t\t\t<div class=\"max-w-prose mx-auto\">\n\t\t\n<p>En fonction de leur durabilit\u00e9, les biscuits peuvent \u00eatre divis\u00e9s en plusieurs cat\u00e9gories&nbsp;:&nbsp;<\/p>\n\t<\/div>\n\t\t\t\t\t<\/div>\n\t\t\t<\/div>\n\n\n\t\t\t\t<div class=\"component component-gutenberg-list prose prose-lg max-w-full\">\n\t\t\t\t\t<div class=\"container\">\n\t\t\t\t\t\t\t<div class=\"max-w-prose mx-auto\">\n\t\t\n<ol class=\"wp-block-list\">\n<li><strong>\u00c0 court terme (cookies de session) <\/strong>&#8211; ils sont supprim\u00e9s de votre ordinateur lorsque vous fermez votre navigateur.<\/li>\n\n\n\n<li><strong>\u00c0 long terme (cookies persistants) <\/strong>&#8211; ils sont conserv\u00e9s apr\u00e8s la fermeture de votre navigateur et ne sont supprim\u00e9s qu\u2019apr\u00e8s une tr\u00e8s longue p\u00e9riode (cela d\u00e9pend de votre navigateur et des param\u00e8tres des cookies). Vous pouvez \u00e9galement les supprimer manuellement.<\/li>\n<\/ol>\n\t<\/div>\n\t\t\t\t\t<\/div>\n\t\t\t<\/div>\n\n\n\t\t\t\t<div class=\"component component-gutenberg-paragraph prose prose-lg max-w-full\">\n\t\t\t\t\t<div class=\"container\">\n\t\t\t\t\t\t\t<div class=\"max-w-prose mx-auto\">\n\t\t\n<p>L\u2019utilisation des cookies peut \u00eatre class\u00e9e comme&nbsp;suit&nbsp;:&nbsp;<\/p>\n\t<\/div>\n\t\t\t\t\t<\/div>\n\t\t\t<\/div>\n\n\n\t\t\t\t<div class=\"component component-gutenberg-list prose prose-lg max-w-full\">\n\t\t\t\t\t<div class=\"container\">\n\t\t\t\t\t\t\t<div class=\"max-w-prose mx-auto\">\n\t\t\n<ol class=\"wp-block-list\">\n<li><strong>Techniques <\/strong>&#8211; ces cookies sont n\u00e9cessaires au bon fonctionnement du site web, \u00e0&nbsp;la s\u00e9curit\u00e9, \u00e0&nbsp;l\u2019affichage correct sur un ordinateur ou un t\u00e9l\u00e9phone portable, au bon fonctionnement du remplissage et de la soumission des formulaires, etc. Les cookies techniques ne peuvent pas \u00eatre d\u00e9sactiv\u00e9s car le site web ne fonctionnerait plus correctement.&nbsp;<\/li>\n\n\n\n<li><strong>Analytique et performance <\/strong>&#8211; Les cookies analytiques et de performance nous permettent de mesurer la performance de notre site web et de nos campagnes publicitaires. Nous les utilisons pour d\u00e9terminer le nombre de visites et les sources de visites sur notre site web. Nous traitons les donn\u00e9es obtenues gr\u00e2ce \u00e0&nbsp;ces cookies de mani\u00e8re agr\u00e9g\u00e9e, sans utiliser d\u2019identifiants permettant d\u2019identifier des utilisateurs sp\u00e9cifiques de notre site web. Plus le nombre de personnes ayant activ\u00e9 les cookies statistiques est \u00e9lev\u00e9, plus nous pouvons optimiser notre site pour qu\u2019il corresponde mieux \u00e0&nbsp;ce que les gens font sur le&nbsp;site.&nbsp;<\/li>\n\n\n\n<li><strong>Personnalisation et publicit\u00e9 <\/strong>&#8211; en utilisant des cookies personnalis\u00e9s, nous n\u2019aurons pas \u00e0&nbsp;vous demander toujours les m\u00eames informations, nous pourrons vous proposer des produits en fonction de vos centres d\u2019int\u00e9r\u00eat ou adapter le contenu du site \u00e0&nbsp;vos besoins. Les cookies publicitaires sont utilis\u00e9s par nous ou nos partenaires pour vous rappeler les offres que vous avez consult\u00e9es sur notre site et ailleurs sur Internet : sur Facebook, Google ou m\u00eame sur Seznam. Avec ce consentement, vous ne verrez pas plus de publicit\u00e9s, mais vous verrez principalement des publicit\u00e9s qui correspondent \u00e0&nbsp;votre recherche. Vous pouvez r\u00e9voquer votre consentement \u00e0&nbsp;ces cookies \u00e0&nbsp;tout moment.&nbsp;<\/li>\n<\/ol>\n\t<\/div>\n\t\t\t\t\t<\/div>\n\t\t\t<\/div>\n\n\n\t\t\t\t<div class=\"component component-gutenberg-heading prose prose-lg max-w-full\">\n\t\t\t\t\t<div class=\"container\">\n\t\t\t\t\t\t\t<div class=\"max-w-prose mx-auto\">\n\t\t\n<h3 class=\"wp-block-heading\" id=\"3-k-cemu-cookies-pouzivame-c9bdcc64-a1d0-4977-ab89-3bb9316f335a\">3. \u00e0&nbsp;quoi servent les cookies&nbsp;?<\/h3>\n\t<\/div>\n\t\t\t\t\t<\/div>\n\t\t\t<\/div>\n\n\n\t\t\t\t<div class=\"component component-gutenberg-paragraph prose prose-lg max-w-full\">\n\t\t\t\t\t<div class=\"container\">\n\t\t\t\t\t\t\t<div class=\"max-w-prose mx-auto\">\n\t\t\n<p>Nous utilisons les cookies suivants sur notre site&nbsp;web&nbsp;:&nbsp;<\/p>\n\t<\/div>\n\t\t\t\t\t<\/div>\n\t\t\t<\/div>\n\n\n\t\t\t\t<div class=\"component component-gutenberg-list prose prose-lg max-w-full\">\n\t\t\t\t\t<div class=\"container\">\n\t\t\t\t\t\t\t<div class=\"max-w-prose mx-auto\">\n\t\t\n<ol class=\"wp-block-list\">\n<li><strong>Technique <\/strong>&#8211; premi\u00e8re partie, court terme. Ils assurent la fonctionnalit\u00e9 technique de base du site web, c\u2019est-\u00e0-dire la connexion, l\u2019utilisation des services, etc.&nbsp;<\/li>\n\n\n\n<li><strong>Google Tag Manager <\/strong>&#8211; le service sert uniquement \u00e0&nbsp;faciliter la gestion des codes de mesure, il n\u2019utilise pas de cookies et n\u2019enregistre aucune donn\u00e9e. <a href=\"https:\/\/support.google.com\/tagmanager\/answer\/7157428?hl=en-GB\" target=\"_blank\" rel=\"noreferrer noopener\">Conditions de traitement des donn\u00e9es par Google Tag Manager<\/a>.<\/li>\n\n\n\n<li><strong>Google Analytics <\/strong>&#8211; premi\u00e8re partie, long terme. Ils sont utilis\u00e9s pour g\u00e9n\u00e9rer des statistiques anonymes sur l\u2019utilisation du site web. Google LLC est le responsable du traitement des donn\u00e9es obtenues \u00e0&nbsp;partir des cookies. <a href=\"https:\/\/support.google.com\/analytics\/answer\/6004245?hl=cs&amp;ref_topic=2919631\" target=\"_blank\" rel=\"noreferrer noopener\">Termes et conditions pour le traitement des donn\u00e9es par Google Analytics<\/a>.  <\/li>\n\n\n\n<li><strong>Pixel Facebook <\/strong>&#8211; premi\u00e8re partie, long terme, remarketing et conversion. <a href=\"https:\/\/www.facebook.com\/policy.php\" target=\"_blank\" rel=\"noreferrer noopener\">Conditions de traitement des donn\u00e9es de Facebook<\/a>.<\/li>\n\n\n\n<li><strong>Leads <\/strong>&#8211; tiers, long terme et conversion. <a href=\"https:\/\/podpora.imper.cz\/leady\/ochrana-dat\/leady-a-gdpr-v-praxi\/\" target=\"_blank\" rel=\"noreferrer noopener\">Conditions de traitement des donn\u00e9es de Leady<\/a>.<\/li>\n<\/ol>\n\t<\/div>\n\t\t\t\t\t<\/div>\n\t\t\t<\/div>\n\n\n\t\t\t\t<div class=\"component component-gutenberg-paragraph prose prose-lg max-w-full\">\n\t\t\t\t\t<div class=\"container\">\n\t\t\t\t\t\t\t<div class=\"max-w-prose mx-auto\">\n\t\t\n<p>Nous ne pla\u00e7ons jamais de donn\u00e9es sensibles ou personnelles dans les cookies. Nous pouvons placer un identifiant d\u2019utilisateur dans les cookies, mais cela ne permet pas \u00e0&nbsp;des tiers d\u2019identifier une personne sp\u00e9cifique.&nbsp;<\/p>\n\t<\/div>\n\t\t\t\t\t<\/div>\n\t\t\t<\/div>\n\n\n\t\t\t\t<div class=\"component component-gutenberg-heading prose prose-lg max-w-full\">\n\t\t\t\t\t<div class=\"container\">\n\t\t\t\t\t\t\t<div class=\"max-w-prose mx-auto\">\n\t\t\n<h3 class=\"wp-block-heading\" id=\"4-jak-lze-upravit-vyuzivani-cookies-fef4af4c-4a3b-4f98-9203-960c0526440c\">4. Comment puis-je modifier l\u2019utilisation des cookies&nbsp;?<\/h3>\n\t<\/div>\n\t\t\t\t\t<\/div>\n\t\t\t<\/div>\n\n\n\t\t\t\t<div class=\"component component-gutenberg-heading prose prose-lg max-w-full\">\n\t\t\t\t\t<div class=\"container\">\n\t\t\t\t\t\t\t<div class=\"max-w-prose mx-auto\">\n\t\t\n<h4 class=\"wp-block-heading\" id=\"vymazaninbsp-e63ab07f-fe5a-4c73-888f-47fe693d3f94\">Suppression  <\/h4>\n\t<\/div>\n\t\t\t\t\t<\/div>\n\t\t\t<\/div>\n\n\n\t\t\t\t<div class=\"component component-gutenberg-paragraph prose prose-lg max-w-full\">\n\t\t\t\t\t<div class=\"container\">\n\t\t\t\t\t\t\t<div class=\"max-w-prose mx-auto\">\n\t\t\n<p>Vous pouvez supprimer les cookies dans votre navigateur<strong> <\/strong>&#8211; g\u00e9n\u00e9ralement situ\u00e9 dans l\u2019&nbsp;\u201dhistorique\u201d des pages que vous visitez.<\/p>\n\t<\/div>\n\t\t\t\t\t<\/div>\n\t\t\t<\/div>\n\n\n\t\t\t\t<div class=\"component component-gutenberg-heading prose prose-lg max-w-full\">\n\t\t\t\t\t<div class=\"container\">\n\t\t\t\t\t\t\t<div class=\"max-w-prose mx-auto\">\n\t\t\n<h4 class=\"wp-block-heading\" id=\"blokovaninbsp-4c6c64a0-9ac2-4bff-befa-907ff49d74d3\">Blocage  <\/h4>\n\t<\/div>\n\t\t\t\t\t<\/div>\n\t\t\t<\/div>\n\n\n\t\t\t\t<div class=\"component component-gutenberg-paragraph prose prose-lg max-w-full\">\n\t\t\t\t\t<div class=\"container\">\n\t\t\t\t\t\t\t<div class=\"max-w-prose mx-auto\">\n\t\t\n<p>Les navigateurs vous permettent de bloquer l\u2019installation de cookies sur votre ordinateur. Dans ce cas, toutefois, la fonctionnalit\u00e9 de ce site web sera limit\u00e9e. Pour savoir comment param\u00e9trer votre navigateur pour qu\u2019il stocke les cookies, veuillez consulter le site web du fournisseur de votre navigateur&nbsp;:&nbsp;<\/p>\n\t<\/div>\n\t\t\t\t\t<\/div>\n\t\t\t<\/div>\n\n\n\t\t\t\t<div class=\"component component-gutenberg-list prose prose-lg max-w-full\">\n\t\t\t\t\t<div class=\"container\">\n\t\t\t\t\t\t\t<div class=\"max-w-prose mx-auto\">\n\t\t\n<ul class=\"wp-block-list\">\n<li><a href=\"https:\/\/support.google.com\/accounts\/answer\/61416?hl=cs\" target=\"_blank\" rel=\"noreferrer noopener\">Chrome<\/a><\/li>\n\n\n\n<li><a href=\"https:\/\/support.mozilla.org\/cs\/kb\/blokovani-cookies\" target=\"_blank\" rel=\"noreferrer noopener\">Firefox<\/a><\/li>\n\n\n\n<li><a href=\"https:\/\/support.microsoft.com\/cs-cz\/help\/17442\/windows-internet-explorer-delete-manage-cookies\" target=\"_blank\" rel=\"noreferrer noopener\">Internet Explorer<\/a><\/li>\n\n\n\n<li><a href=\"https:\/\/support.google.com\/accounts\/answer\/32050?co=GENIE.Platform%3DAndroid&amp;hl=en\" target=\"_blank\" rel=\"noreferrer noopener\">Android<\/a>\u2009\u2014\u2009diff\u00e9rents navigateurs<\/li>\n<\/ul>\n\t<\/div>\n\t\t\t\t\t<\/div>\n\t\t\t<\/div>\n\n\n\t\t\t\t<div class=\"component component-gutenberg-paragraph prose prose-lg max-w-full\">\n\t\t\t\t\t<div class=\"container\">\n\t\t\t\t\t\t\t<div class=\"max-w-prose mx-auto\">\n\t\t\n<p>Pour plus d\u2019informations sur les cookies et leur utilisation, veuillez consulter le site <a href=\"https:\/\/www.aboutcookies.org\/\" target=\"_blank\" rel=\"noreferrer noopener\">https:\/\/www.aboutcookies.org\/<\/a>.  <\/p>\n\t<\/div>\n\t\t\t\t\t<\/div>\n\t\t\t<\/div>\n\n\n\t\t\t\t<div class=\"component component-gutenberg-heading prose prose-lg max-w-full\">\n\t\t\t\t\t<div class=\"container\">\n\t\t\t\t\t\t\t<div class=\"max-w-prose mx-auto\">\n\t\t\n<h3 class=\"wp-block-heading\" id=\"5-tento-web-pouziva-google-analytics-247f13ca-d43e-48a2-a6cc-d0a19c9e45eb\">5. Ce site utilise Google Analytics<\/h3>\n\t<\/div>\n\t\t\t\t\t<\/div>\n\t\t\t<\/div>\n\n\n\t\t\t\t<div class=\"component component-gutenberg-paragraph prose prose-lg max-w-full\">\n\t\t\t\t\t<div class=\"container\">\n\t\t\t\t\t\t\t<div class=\"max-w-prose mx-auto\">\n\t\t\n<p>Ce site utilise Google Analytics, un service fourni par Google, Inc. (\u201cGoogle\u201d). Google Analytics utilise des cookies. Les informations relatives \u00e0&nbsp;votre utilisation du site, ainsi que le contenu du cookie, seront transmises par Google et stock\u00e9es sur des serveurs situ\u00e9s aux \u00c9tats-Unis. Google utilisera ces informations dans le but d\u2019\u00e9valuer votre utilisation du site et de compiler des rapports sur l\u2019activit\u00e9 du site \u00e0&nbsp;destination de son \u00e9diteur, ainsi que pour fournir d\u2019autres services relatifs \u00e0&nbsp;l\u2019activit\u00e9 du site et \u00e0&nbsp;l\u2019utilisation d\u2019Internet en g\u00e9n\u00e9ral. Google peut \u00e9galement divulguer ces informations \u00e0&nbsp;des tiers si la loi l\u2019exige ou si ces tiers traitent ces informations pour le compte de Google.&nbsp;<\/p>\n\t<\/div>\n\t\t\t\t\t<\/div>\n\t\t\t<\/div>\n\n\n\t\t\t\t<div class=\"component component-gutenberg-paragraph prose prose-lg max-w-full\">\n\t\t\t\t\t<div class=\"container\">\n\t\t\t\t\t\t\t<div class=\"max-w-prose mx-auto\">\n\t\t\n<p>Google Analytics est compl\u00e9t\u00e9 par des fonctions publicitaires connexes fournies par Google, \u00e0&nbsp;savoir&nbsp;:&nbsp;<\/p>\n\t<\/div>\n\t\t\t\t\t<\/div>\n\t\t\t<\/div>\n\n\n\t\t\t\t<div class=\"component component-gutenberg-list prose prose-lg max-w-full\">\n\t\t\t\t\t<div class=\"container\">\n\t\t\t\t\t\t\t<div class=\"max-w-prose mx-auto\">\n\t\t\n<ul class=\"wp-block-list\">\n<li>rend compte des impressions dans le r\u00e9seau publicitaire de Google,&nbsp;<\/li>\n\n\n\n<li>le remarketing (affichage de publicit\u00e9s sur le r\u00e9seau de contenu en fonction des produits consult\u00e9s),&nbsp;<\/li>\n\n\n\n<li>Rapports d\u00e9mographiques am\u00e9lior\u00e9s (rapports de donn\u00e9es d\u00e9mographiques anonymes),&nbsp;<\/li>\n\n\n\n<li>identifiant de l\u2019utilisateur<strong> <\/strong>&#8211; Google Analytics, qui vous permet de mesurer et d\u2019analyser le comportement des utilisateurs sur l\u2019ensemble des appareils. Nous utilisons une cha\u00eene de chiffres ou de lettres comme identifiant de l\u2019utilisateur. Nous n\u2019utilisons jamais d\u2019informations personnelles qui permettraient \u00e0&nbsp;des tiers d\u2019identifier une personne sp\u00e9cifique.&nbsp;<\/li>\n<\/ul>\n\t<\/div>\n\t\t\t\t\t<\/div>\n\t\t\t<\/div>\n\n\n\t\t\t\t<div class=\"component component-gutenberg-paragraph prose prose-lg max-w-full\">\n\t\t\t\t\t<div class=\"container\">\n\t\t\t\t\t\t\t<div class=\"max-w-prose mx-auto\">\n\t\t\n<p>Pour plus d\u2019informations sur le traitement et l\u2019utilisation des donn\u00e9es, veuillez consulter les <a href=\"https:\/\/policies.google.com\/technologies\/partner-sites?hl=cs\" target=\"_blank\" rel=\"noreferrer noopener\">conditions g\u00e9n\u00e9rales de Google<\/a>.<\/p>\n\t<\/div>\n\t\t\t\t\t<\/div>\n\t\t\t<\/div>\n\n\n\t\t\t\t<div class=\"component component-gutenberg-heading prose prose-lg max-w-full\">\n\t\t\t\t\t<div class=\"container\">\n\t\t\t\t\t\t\t<div class=\"max-w-prose mx-auto\">\n\t\t\n<h3 class=\"wp-block-heading\" id=\"6-jak-zakazat-sledovani-google-analytics-01685e51-cd7c-4f9a-a42a-9962e37771a8\">6. Comment d\u00e9sactiver le suivi de Google Analytics&nbsp;?<\/h3>\n\t<\/div>\n\t\t\t\t\t<\/div>\n\t\t\t<\/div>\n\n\n\t\t\t\t<div class=\"component component-gutenberg-paragraph prose prose-lg max-w-full\">\n\t\t\t\t\t<div class=\"container\">\n\t\t\t\t\t\t\t<div class=\"max-w-prose mx-auto\">\n\t\t\n<p>Si vous ne souhaitez pas transmettre \u00e0&nbsp;Google Analytics des donn\u00e9es anonymes concernant votre utilisation du site, vous pouvez utiliser <a href=\"https:\/\/tools.google.com\/dlpage\/gaoptout\" target=\"_blank\" rel=\"noreferrer noopener\">un plugin fourni par Google.<\/a> <br>Une fois install\u00e9 dans votre navigateur et activ\u00e9, aucune autre donn\u00e9e ne sera envoy\u00e9e.<\/p>\n\t<\/div>\n\t\t\t\t\t<\/div>\n\t\t\t<\/div>\n\n\n\t\t\t\t<div class=\"component component-gutenberg-paragraph prose prose-lg max-w-full\">\n\t\t\t\t\t<div class=\"container\">\n\t\t\t\t\t\t\t<div class=\"max-w-prose mx-auto\">\n\t\t\n<p>21 mars&nbsp;2025&nbsp;<\/p>\n\t<\/div>\n\t\t\t\t\t<\/div>\n\t\t\t<\/div>\n","protected":false},"excerpt":{"rendered":"<p>Protection des donn\u00e9es personnelles 1. Introduction Le pr\u00e9sent document (ci-apr\u00e8s d\u00e9nomm\u00e9 \u00ab R\u00e8gles \u00bb) est fourni aux clients, fournisseurs et partenaires commerciaux (ci-apr\u00e8s d\u00e9nomm\u00e9s \u00ab Personne concern\u00e9e \u00bb) de \u017dALUZIE NEVA s.r.o., dont le si\u00e8ge social est situ\u00e9 \u00e0&nbsp;H\u00e1j 370, 798 12 Kralice na Han\u00e9, ID 26301270, enregistr\u00e9 aupr\u00e8s du tribunal du registre de Brno, [&hellip;]<\/p>\n","protected":false},"author":2,"featured_media":0,"parent":0,"menu_order":0,"comment_status":"closed","ping_status":"closed","template":"","meta":{"_acf_changed":false,"inline_featured_image":false,"footnotes":""},"class_list":["post-260","page","type-page","status-publish","hentry"],"acf":[],"aioseo_notices":[],"_links":{"self":[{"href":"https:\/\/www.neva.app\/fr\/wp-json\/wp\/v2\/pages\/260","targetHints":{"allow":["GET"]}}],"collection":[{"href":"https:\/\/www.neva.app\/fr\/wp-json\/wp\/v2\/pages"}],"about":[{"href":"https:\/\/www.neva.app\/fr\/wp-json\/wp\/v2\/types\/page"}],"author":[{"embeddable":true,"href":"https:\/\/www.neva.app\/fr\/wp-json\/wp\/v2\/users\/2"}],"replies":[{"embeddable":true,"href":"https:\/\/www.neva.app\/fr\/wp-json\/wp\/v2\/comments?post=260"}],"version-history":[{"count":8,"href":"https:\/\/www.neva.app\/fr\/wp-json\/wp\/v2\/pages\/260\/revisions"}],"predecessor-version":[{"id":326,"href":"https:\/\/www.neva.app\/fr\/wp-json\/wp\/v2\/pages\/260\/revisions\/326"}],"wp:attachment":[{"href":"https:\/\/www.neva.app\/fr\/wp-json\/wp\/v2\/media?parent=260"}],"curies":[{"name":"wp","href":"https:\/\/api.w.org\/{rel}","templated":true}]}}